{"id":2,"date":"2022-10-06T12:15:27","date_gmt":"2022-10-06T11:15:27","guid":{"rendered":"https:\/\/osfmdejavnosti.splet.arnes.si\/?page_id=2"},"modified":"2023-03-16T11:41:56","modified_gmt":"2023-03-16T10:41:56","slug":"vzorcna-stran","status":"publish","type":"page","link":"https:\/\/dejavnosti.fmalgaja.si\/","title":{"rendered":"Prva stran"},"content":{"rendered":"<p>[et_pb_section fb_built=&#8221;1&#8243; admin_label=&#8221;Glava &#8211; najnovej\u0161i prispevki&#8221; _builder_version=&#8221;4.18.0&#8243; background_enable_pattern_style=&#8221;on&#8221; background_pattern_style=&#8221;3d-diamonds&#8221; background_pattern_color=&#8221;rgba(12,113,195,0.13)&#8221; background_pattern_size=&#8221;cover&#8221; background_pattern_vertical_offset=&#8221;-27%&#8221; hover_enabled=&#8221;0&#8243; global_colors_info=&#8221;{}&#8221; sticky_enabled=&#8221;0&#8243;][et_pb_row _builder_version=&#8221;4.17.3&#8243; _module_preset=&#8221;default&#8221; global_colors_info=&#8221;{}&#8221;][et_pb_column type=&#8221;4_4&#8243; _builder_version=&#8221;4.17.3&#8243; _module_preset=&#8221;default&#8221; global_colors_info=&#8221;{}&#8221;][et_pb_post_slider posts_number=&#8221;6&#8243; include_categories=&#8221;all&#8221; more_text=&#8221;Ve\u010d &#8230;&#8221; excerpt_length=&#8221;200&#8243; show_meta=&#8221;off&#8221; _builder_version=&#8221;4.18.0&#8243; _module_preset=&#8221;default&#8221; header_line_height=&#8221;1.3em&#8221; width=&#8221;100%&#8221; height=&#8221;375px&#8221; custom_padding=&#8221;80px||||false|false&#8221; global_colors_info=&#8221;{}&#8221;][\/et_pb_post_slider][\/et_pb_column][\/et_pb_row][\/et_pb_section][et_pb_section fb_built=&#8221;1&#8243; disabled_on=&#8221;off|off|off&#8221; admin_label=&#8221;\u0160olski radio&#8221; module_id=&#8221;osFM-bbC&#8221; _builder_version=&#8221;4.18.0&#8243; _module_preset=&#8221;default&#8221; background_color=&#8221;#0693e3&#8243; background_enable_pattern_style=&#8221;on&#8221; background_pattern_style=&#8221;3d-diamonds&#8221; background_pattern_size=&#8221;cover&#8221; global_colors_info=&#8221;{}&#8221;][et_pb_row _builder_version=&#8221;4.18.0&#8243; _module_preset=&#8221;default&#8221; background_color=&#8221;#FFFFFF&#8221; border_radii=&#8221;off|20px|20px||&#8221; global_colors_info=&#8221;{}&#8221;][et_pb_column type=&#8221;4_4&#8243; _builder_version=&#8221;4.17.3&#8243; _module_preset=&#8221;default&#8221; global_colors_info=&#8221;{}&#8221;][et_pb_text _builder_version=&#8221;4.18.0&#8243; _module_preset=&#8221;default&#8221; text_font=&#8221;|800|||||||&#8221; text_text_color=&#8221;#494949&#8243; text_font_size=&#8221;26px&#8221; text_letter_spacing=&#8221;4px&#8221; text_line_height=&#8221;1.8em&#8221; text_orientation=&#8221;center&#8221; global_colors_info=&#8221;{}&#8221;]<\/p>\n<p>\u0160olski radio<\/p>\n<p>[\/et_pb_text][\/et_pb_column][\/et_pb_row][et_pb_row column_structure=&#8221;1_4,3_4&#8243; _builder_version=&#8221;4.18.0&#8243; _module_preset=&#8221;default&#8221; background_color=&#8221;rgba(214,214,214,0.42)&#8221; background_pattern_repeat=&#8221;space&#8221; custom_padding=&#8221;20px|20px|20px|20px|true|true&#8221; global_colors_info=&#8221;{}&#8221;][et_pb_column type=&#8221;1_4&#8243; _builder_version=&#8221;4.17.3&#8243; _module_preset=&#8221;default&#8221; global_colors_info=&#8221;{}&#8221;][et_pb_testimonial _builder_version=&#8221;4.18.0&#8243; _module_preset=&#8221;default&#8221; global_colors_info=&#8221;{}&#8221;]<strong>\u010ceprav \u017eivimo v \u010dasu, ki se navdu\u0161uje nad vizualnimi podobami in hitrimi, povr\u0161inskimi informacijam, na na\u0161i \u0161oli \u0161e vedno gojimo kakovostno govorjeno besedo s \u0161olskim radiom, ki se z oddajami ogla\u0161a vsak petek med glavnim odmorom. Lotimo pa se tudi tematskih oddaj, v katerih si izberemo temo, ki jo predstavimo z razli\u010dnih zornih kotov, nadgradimo z intervjuji in anketami ter tudi \u0161\u010depcem umetni\u0161ke besede &#8211; najpogosteje v obliki poezije. Vabljeni k poslu\u0161anju.<\/strong>[\/et_pb_testimonial][\/et_pb_column][et_pb_column type=&#8221;3_4&#8243; _builder_version=&#8221;4.17.3&#8243; _module_preset=&#8221;default&#8221; global_colors_info=&#8221;{}&#8221;][et_pb_blog fullwidth=&#8221;off&#8221; posts_number=&#8221;4&#8243; include_categories=&#8221;19&#8243; excerpt_length=&#8221;150&#8243; show_more=&#8221;on&#8221; show_author=&#8221;off&#8221; show_date=&#8221;off&#8221; show_categories=&#8221;off&#8221; _builder_version=&#8221;4.18.0&#8243; _module_preset=&#8221;default&#8221; header_line_height=&#8221;1.2em&#8221; custom_padding=&#8221;20px|20px|20px|20px|true|true&#8221; global_colors_info=&#8221;{}&#8221;][\/et_pb_blog][\/et_pb_column][\/et_pb_row][\/et_pb_section][et_pb_section fb_built=&#8221;1&#8243; admin_label=&#8221;\u0160olsko partnerstvo med osnovno \u0161olo Franja Malgaja \u0160entjur in osnovno \u0161olo Emilija Ostoji\u0107 Po\u017eega&#8221; module_id=&#8221;osFM-osEO&#8221; _builder_version=&#8221;4.18.0&#8243; _module_preset=&#8221;default&#8221; background_enable_pattern_style=&#8221;on&#8221; background_pattern_style=&#8221;3d-diamonds&#8221; background_pattern_color=&#8221;rgba(12,113,195,0.13)&#8221; background_pattern_size=&#8221;cover&#8221; background_pattern_vertical_offset=&#8221;4%&#8221; global_colors_info=&#8221;{}&#8221;][et_pb_row _builder_version=&#8221;4.18.0&#8243; _module_preset=&#8221;default&#8221; background_color=&#8221;#FFFFFF&#8221; border_radii=&#8221;off|20px|20px||&#8221; global_colors_info=&#8221;{}&#8221;][et_pb_column type=&#8221;4_4&#8243; _builder_version=&#8221;4.17.3&#8243; _module_preset=&#8221;default&#8221; global_colors_info=&#8221;{}&#8221;][et_pb_text _builder_version=&#8221;4.18.0&#8243; _module_preset=&#8221;default&#8221; text_font=&#8221;|800|||||||&#8221; text_text_color=&#8221;#494949&#8243; text_font_size=&#8221;26px&#8221; text_letter_spacing=&#8221;4px&#8221; text_line_height=&#8221;1.8em&#8221; text_orientation=&#8221;center&#8221; global_colors_info=&#8221;{}&#8221;]<\/p>\n<p>\u0160olsko partnerstvo med osnovno \u0161olo Franja Malgaja in osnovno \u0161olo Emilija Ostoji\u0107 Po\u017eega<\/p>\n<p>[\/et_pb_text][\/et_pb_column][\/et_pb_row][et_pb_row column_structure=&#8221;1_4,3_4&#8243; admin_label=&#8221;Row&#8221; _builder_version=&#8221;4.18.0&#8243; _module_preset=&#8221;default&#8221; background_color=&#8221;rgba(214,214,214,0.42)&#8221; background_pattern_repeat=&#8221;space&#8221; custom_padding=&#8221;20px|20px|20px|20px|true|true&#8221; global_colors_info=&#8221;{}&#8221;][et_pb_column type=&#8221;1_4&#8243; _builder_version=&#8221;4.17.3&#8243; _module_preset=&#8221;default&#8221; global_colors_info=&#8221;{}&#8221;][et_pb_testimonial _builder_version=&#8221;4.18.0&#8243; _module_preset=&#8221;default&#8221; global_colors_info=&#8221;{}&#8221;]<\/p>\n<p><strong>Na pobudo Ob\u010dine \u0160entjur pristopili k obuditvi sodelovanja med na\u0161o \u0161olo in O\u0160 Emilija Ostoji\u0107 Po\u017eega, Srbija.<\/strong><\/p>\n<p><strong>S tem sodelavnajem \u017eelimo u\u010dencem in u\u010diteljem odpreti vrata ponovnega medkulturnega sodelovanja, jezikovnega izpopolnjevanja, razvijanja samostojnosti, predvsem pa obuditvi nekaj \u010dasa zamrlih, a nikoli pozabljenih prijateljskih vezi med obema \u0161olama.<\/strong><\/p>\n<p><strong>V okviru projekta so tako predvidene izmenjave u\u010dencev in zaposlenih.<\/strong><\/p>\n<p><strong> <a href=\"http:\/\/www.osemilijaostojic.edu.rs\/\" target=\"_blank\" rel=\"noopener\">Spletna stran O\u0160 Emilija Ostoji\u0107 Po\u017eega<\/a><\/strong><\/p>\n<p>&nbsp;<\/p>\n<p>\u200b<\/p>\n<p>[\/et_pb_testimonial][\/et_pb_column][et_pb_column type=&#8221;3_4&#8243; _builder_version=&#8221;4.17.3&#8243; _module_preset=&#8221;default&#8221; global_colors_info=&#8221;{}&#8221;][et_pb_blog fullwidth=&#8221;off&#8221; posts_number=&#8221;4&#8243; include_categories=&#8221;2&#8243; excerpt_length=&#8221;150&#8243; show_more=&#8221;on&#8221; show_author=&#8221;off&#8221; show_date=&#8221;off&#8221; show_categories=&#8221;off&#8221; _builder_version=&#8221;4.18.0&#8243; _module_preset=&#8221;default&#8221; header_line_height=&#8221;1.2em&#8221; custom_padding=&#8221;20px|20px|20px|20px|true|true&#8221; global_colors_info=&#8221;{}&#8221;][\/et_pb_blog][\/et_pb_column][\/et_pb_row][\/et_pb_section][et_pb_section fb_built=&#8221;1&#8243; disabled_on=&#8221;off|off|off&#8221; admin_label=&#8221;\u0160olsko partnerstvo med osnovno \u0161olo Franja Malgaja in Bundesgymnasium und Bundesrealgymnasium Carneri&#8221; module_id=&#8221;osFM-bbC&#8221; _builder_version=&#8221;4.18.0&#8243; _module_preset=&#8221;default&#8221; background_color=&#8221;#0693e3&#8243; background_enable_pattern_style=&#8221;on&#8221; background_pattern_style=&#8221;3d-diamonds&#8221; background_pattern_size=&#8221;cover&#8221; background_pattern_vertical_offset=&#8221;22%&#8221; global_colors_info=&#8221;{}&#8221;][et_pb_row _builder_version=&#8221;4.17.3&#8243; _module_preset=&#8221;default&#8221; background_color=&#8221;#f5f5f5&#8243; border_radii=&#8221;off|20px|20px||&#8221; global_colors_info=&#8221;{}&#8221;][et_pb_column type=&#8221;4_4&#8243; _builder_version=&#8221;4.17.3&#8243; _module_preset=&#8221;default&#8221; global_colors_info=&#8221;{}&#8221;][et_pb_text _builder_version=&#8221;4.18.0&#8243; _module_preset=&#8221;default&#8221; text_font=&#8221;|800|||||||&#8221; text_text_color=&#8221;#494949&#8243; text_font_size=&#8221;26px&#8221; text_letter_spacing=&#8221;4px&#8221; text_line_height=&#8221;1.8em&#8221; text_orientation=&#8221;center&#8221; global_colors_info=&#8221;{}&#8221;]<\/p>\n<p>\u0160olsko partnerstvo med osnovno \u0161olo Franja Malgaja in Bundesgymnasium und Bundesrealgymnasium Carneri<\/p>\n<p>[\/et_pb_text][\/et_pb_column][\/et_pb_row][et_pb_row column_structure=&#8221;1_4,3_4&#8243; _builder_version=&#8221;4.17.3&#8243; _module_preset=&#8221;default&#8221; background_color=&#8221;rgba(214,214,214,0.42)&#8221; background_pattern_repeat=&#8221;space&#8221; custom_padding=&#8221;20px|20px|20px|20px|true|true&#8221; global_colors_info=&#8221;{}&#8221;][et_pb_column type=&#8221;1_4&#8243; _builder_version=&#8221;4.17.3&#8243; _module_preset=&#8221;default&#8221; global_colors_info=&#8221;{}&#8221;][et_pb_testimonial _builder_version=&#8221;4.18.0&#8243; _module_preset=&#8221;default&#8221; global_colors_info=&#8221;{}&#8221;]<\/p>\n<p><strong>V okviru \u010dezmejnega \u0161olskega partnerstva organiziramo medsebojne izmenjave u\u010dencev &#8211; letno sre\u010danje skupine otrok v Gradcu oziroma \u0160entjurju, ki je obarvan s kulturnim programom in ogledom krajevnih \/ mestnih znamenitosti.<\/strong><\/p>\n<p><strong>S sodelovanjem \u017eelimo povezati slovenske in avstrijske u\u010dence pri izbirnem predmetu nem\u0161\u010dina in podobna starostna skupina u\u010dencev iz gra\u0161ke gimnazije pri izbirnem predmetu sloven\u0161\u010dina.<\/strong><\/p>\n<p>[\/et_pb_testimonial][\/et_pb_column][et_pb_column type=&#8221;3_4&#8243; _builder_version=&#8221;4.17.3&#8243; _module_preset=&#8221;default&#8221; global_colors_info=&#8221;{}&#8221;][et_pb_blog fullwidth=&#8221;off&#8221; posts_number=&#8221;4&#8243; include_categories=&#8221;11&#8243; excerpt_length=&#8221;150&#8243; show_more=&#8221;on&#8221; show_author=&#8221;off&#8221; show_date=&#8221;off&#8221; show_categories=&#8221;off&#8221; _builder_version=&#8221;4.18.0&#8243; _module_preset=&#8221;default&#8221; header_line_height=&#8221;1.2em&#8221; custom_padding=&#8221;20px|20px|20px|20px|true|true&#8221; global_colors_info=&#8221;{}&#8221;][\/et_pb_blog][\/et_pb_column][\/et_pb_row][\/et_pb_section][et_pb_section fb_built=&#8221;1&#8243; disabled_on=&#8221;off|off|off&#8221; admin_label=&#8221;\u0160olske ekskurzije v tujino&#8221; module_id=&#8221;solske_ekskurzije&#8221; _builder_version=&#8221;4.18.0&#8243; _module_preset=&#8221;default&#8221; background_enable_pattern_style=&#8221;on&#8221; background_pattern_style=&#8221;3d-diamonds&#8221; background_pattern_color=&#8221;rgba(12,113,195,0.13)&#8221; background_pattern_size=&#8221;cover&#8221; background_pattern_vertical_offset=&#8221;-27%&#8221; global_colors_info=&#8221;{}&#8221;][et_pb_row _builder_version=&#8221;4.18.0&#8243; _module_preset=&#8221;default&#8221; background_color=&#8221;#f5f5f5&#8243; border_radii=&#8221;off|20px|20px||&#8221; global_colors_info=&#8221;{}&#8221;][et_pb_column type=&#8221;4_4&#8243; _builder_version=&#8221;4.17.3&#8243; _module_preset=&#8221;default&#8221; global_colors_info=&#8221;{}&#8221;][et_pb_text _builder_version=&#8221;4.18.0&#8243; _module_preset=&#8221;default&#8221; text_font=&#8221;|800|||||||&#8221; text_text_color=&#8221;#494949&#8243; text_font_size=&#8221;26px&#8221; text_letter_spacing=&#8221;4px&#8221; text_line_height=&#8221;1.8em&#8221; text_orientation=&#8221;center&#8221; global_colors_info=&#8221;{}&#8221;]<\/p>\n<p style=\"text-align: center\">\u0160olske ekskurzije v tujino<\/p>\n<p>[\/et_pb_text][\/et_pb_column][\/et_pb_row][et_pb_row column_structure=&#8221;1_4,3_4&#8243; admin_label=&#8221;Row&#8221; _builder_version=&#8221;4.18.0&#8243; _module_preset=&#8221;default&#8221; background_color=&#8221;rgba(214,214,214,0.42)&#8221; background_pattern_repeat=&#8221;space&#8221; custom_padding=&#8221;20px|20px|20px|20px|true|true&#8221; global_colors_info=&#8221;{}&#8221;][et_pb_column type=&#8221;1_4&#8243; _builder_version=&#8221;4.17.3&#8243; _module_preset=&#8221;default&#8221; global_colors_info=&#8221;{}&#8221;][et_pb_testimonial _builder_version=&#8221;4.18.0&#8243; _module_preset=&#8221;default&#8221; global_colors_info=&#8221;{}&#8221;]<\/p>\n<p><strong>JEZIKOVNE EKSKURZIJE so izvedene v okviru mednarodnosti v angle\u0161ko in nem\u0161ko govore\u010da okolja.<\/strong><\/p>\n<p>&nbsp;<\/p>\n<p>\u200b<\/p>\n<p>[\/et_pb_testimonial][\/et_pb_column][et_pb_column type=&#8221;3_4&#8243; _builder_version=&#8221;4.17.3&#8243; _module_preset=&#8221;default&#8221; global_colors_info=&#8221;{}&#8221;][et_pb_blog fullwidth=&#8221;off&#8221; posts_number=&#8221;4&#8243; include_categories=&#8221;12&#8243; excerpt_length=&#8221;150&#8243; show_more=&#8221;on&#8221; show_author=&#8221;off&#8221; show_date=&#8221;off&#8221; show_categories=&#8221;off&#8221; _builder_version=&#8221;4.18.0&#8243; _module_preset=&#8221;default&#8221; header_line_height=&#8221;1.2em&#8221; custom_padding=&#8221;20px|20px|20px|20px|true|true&#8221; global_colors_info=&#8221;{}&#8221;][\/et_pb_blog][\/et_pb_column][\/et_pb_row][\/et_pb_section][et_pb_section fb_built=&#8221;1&#8243; disabled_on=&#8221;off|off|off&#8221; admin_label=&#8221;Uporaba sodobne tehnologij pri pouku dru\u017eboslovja in umetnosti&#8221; module_id=&#8221;Mttha&#8221; _builder_version=&#8221;4.18.0&#8243; _module_preset=&#8221;default&#8221; background_color=&#8221;#0693e3&#8243; background_enable_pattern_style=&#8221;on&#8221; background_pattern_style=&#8221;3d-diamonds&#8221; background_pattern_size=&#8221;cover&#8221; background_pattern_vertical_offset=&#8221;26%&#8221; global_colors_info=&#8221;{}&#8221;][et_pb_row _builder_version=&#8221;4.18.0&#8243; _module_preset=&#8221;default&#8221; background_color=&#8221;#f5f5f5&#8243; border_radii=&#8221;off|20px|20px||&#8221; global_colors_info=&#8221;{}&#8221;][et_pb_column type=&#8221;4_4&#8243; _builder_version=&#8221;4.17.3&#8243; _module_preset=&#8221;default&#8221; global_colors_info=&#8221;{}&#8221;][et_pb_text _builder_version=&#8221;4.18.0&#8243; _module_preset=&#8221;default&#8221; text_font=&#8221;|800|||||||&#8221; text_text_color=&#8221;#494949&#8243; text_font_size=&#8221;26px&#8221; text_letter_spacing=&#8221;4px&#8221; text_line_height=&#8221;1.8em&#8221; text_orientation=&#8221;center&#8221; global_colors_info=&#8221;{}&#8221;]<\/p>\n<p>Uporaba sodobne tehnologij pri pouku dru\u017eboslovja in umetnosti<\/p>\n<p>[\/et_pb_text][\/et_pb_column][\/et_pb_row][et_pb_row column_structure=&#8221;1_4,3_4&#8243; admin_label=&#8221;Row&#8221; _builder_version=&#8221;4.18.0&#8243; _module_preset=&#8221;default&#8221; background_color=&#8221;rgba(214,214,214,0.42)&#8221; background_pattern_repeat=&#8221;space&#8221; custom_padding=&#8221;20px|20px|20px|20px|true|true&#8221; global_colors_info=&#8221;{}&#8221;][et_pb_column type=&#8221;1_4&#8243; _builder_version=&#8221;4.17.3&#8243; _module_preset=&#8221;default&#8221; global_colors_info=&#8221;{}&#8221;][et_pb_testimonial _builder_version=&#8221;4.18.0&#8243; _module_preset=&#8221;default&#8221; global_colors_info=&#8221;{}&#8221;]<\/p>\n<p><strong>Erasmus+ projekt Uporaba sodobne tehnologij pri pouku dru\u017eboslovja in umetnosti vklju\u010duje izmenjavo dobre prakse med \u0161olami partnericami iz Poljske, Danske, \u0160panije in Slovenije. S projektom \u017eelimo pove\u010dati uporabo sodobnih tehnologij pri predmetih dru\u017eboslovja in umetnosti z namenom izbolj\u0161anja dodane vrednosti pri pouku. Na\u0161 namen je izbolj\u0161anje uporabe pridobljenih informaciji, izra\u017eanja lastnega mnenja in razvijanje kriti\u010dnega mi\u0161ljenja skozi teme zgodovine, knji\u017eevnosti, glasbe in umetnosti.<\/strong><\/p>\n<p><strong>V okviru projekta so predvidene izmenjave u\u010dencev in u\u010diteljev v vsako izmed sodelujo\u010dih dr\u017eav.<\/strong><\/p>\n<p><strong>&nbsp;<\/strong><\/p>\n<p>&nbsp;<\/p>\n<p>\u200b<\/p>\n<p>[\/et_pb_testimonial][\/et_pb_column][et_pb_column type=&#8221;3_4&#8243; _builder_version=&#8221;4.17.3&#8243; _module_preset=&#8221;default&#8221; global_colors_info=&#8221;{}&#8221;][et_pb_blog fullwidth=&#8221;off&#8221; posts_number=&#8221;4&#8243; include_categories=&#8221;13&#8243; excerpt_length=&#8221;150&#8243; show_more=&#8221;on&#8221; show_author=&#8221;off&#8221; show_date=&#8221;off&#8221; show_categories=&#8221;off&#8221; _builder_version=&#8221;4.18.0&#8243; _module_preset=&#8221;default&#8221; header_line_height=&#8221;1.2em&#8221; custom_padding=&#8221;20px|20px|20px|20px|true|true&#8221; global_colors_info=&#8221;{}&#8221;][\/et_pb_blog][\/et_pb_column][\/et_pb_row][\/et_pb_section][et_pb_section fb_built=&#8221;1&#8243; _builder_version=&#8221;4.18.0&#8243; _module_preset=&#8221;default&#8221; background_color=&#8221;#d3d3d3&#8243; custom_margin=&#8221;20px||||false|false&#8221; global_module=&#8221;226&#8243; saved_tabs=&#8221;all&#8221; global_colors_info=&#8221;{}&#8221;][et_pb_row _builder_version=&#8221;4.18.0&#8243; _module_preset=&#8221;default&#8221; global_colors_info=&#8221;{}&#8221;][et_pb_column type=&#8221;4_4&#8243; _builder_version=&#8221;4.18.0&#8243; _module_preset=&#8221;default&#8221; global_colors_info=&#8221;{}&#8221;][et_pb_text _builder_version=&#8221;4.18.0&#8243; _module_preset=&#8221;default&#8221; width=&#8221;100%&#8221; global_colors_info=&#8221;{}&#8221;]<\/p>\n<table class=\" alignleft\" style=\"width: 100%\" bgcolor=\"#ffffff\">\n<tbody>\n<tr>\n<td><img loading=\"lazy\" decoding=\"async\" class=\"wp-image-199 alignnone size-full\" src=\"https:\/\/dejavnosti.fmalgaja.si\/files\/2022\/11\/osfm-NazivInNaslov.jpg\" alt=\"\" width=\"293\" height=\"98\"><\/td>\n<td><img loading=\"lazy\" decoding=\"async\" class=\"wp-image-4 alignnone  alignright\" src=\"https:\/\/dejavnosti.fmalgaja.si\/files\/2022\/10\/logo-150x150-1.png\" alt=\"\" width=\"100\" height=\"100\"><\/td>\n<\/tr>\n<\/tbody>\n<\/table>\n<p>[\/et_pb_text][\/et_pb_column][\/et_pb_row][\/et_pb_section]<\/p>\n","protected":false},"excerpt":{"rendered":"<p>\u0160olski radio\u010ceprav \u017eivimo v \u010dasu, ki se navdu\u0161uje nad vizualnimi podobami in hitrimi, povr\u0161inskimi informacijam, na na\u0161i \u0161oli \u0161e vedno gojimo kakovostno govorjeno besedo s \u0161olskim radiom, ki se z oddajami ogla\u0161a vsak petek med glavnim odmorom. Lotimo pa se tudi tematskih oddaj, v katerih si izberemo temo, ki jo predstavimo z razli\u010dnih zornih kotov, [&hellip;]<\/p>\n","protected":false},"author":4407,"featured_media":0,"parent":0,"menu_order":0,"comment_status":"closed","ping_status":"open","template":"page-template-blank.php","meta":{"_et_pb_use_builder":"on","_et_pb_old_content":"<!-- wp:paragraph -->\r\n<p>To je vzor\u010dna stran. Druga\u010dna je od prispevka bloga, ker bo ostala na mestu in se bo v ve\u010dini tem prikazala v navigaciji spleti\u0161\u010da. Ve\u010dina ljudi za\u010dne s stranjo O meni, ki jih predstavi potencialnim obiskovalcem spleti\u0161\u010da. V njej je lahko nekaj podobnega kot to:<\/p>\r\n<!-- \/wp:paragraph -->\r\n\r\n<!-- wp:quote -->\r\n<blockquote class=\"wp-block-quote\"><p>Hi there! I'm a bike messenger by day, aspiring actor by night, and this is my website. I live in Los Angeles, have a great dog named Jack, and I like pi\u00f1a coladas. (And gettin' caught in the rain.)<\/p><\/blockquote>\r\n<!-- \/wp:quote -->\r\n\r\n<!-- wp:paragraph -->\r\n<p>... ali nekaj takega:<\/p>\r\n<!-- \/wp:paragraph -->\r\n\r\n<!-- wp:quote -->\r\n<blockquote class=\"wp-block-quote\"><p>The XYZ Doohickey Company was founded in 1971, and has been providing quality doohickeys to the public ever since. Located in Gotham City, XYZ employs over 2,000 people and does all kinds of awesome things for the Gotham community.<\/p><\/blockquote>\r\n<!-- \/wp:quote -->\r\n\r\n<!-- wp:paragraph -->\r\n<p>Kot nov uporabnik WordPressa bi morali obiskati va\u0161o <a href=\"https:\/\/osfmdejavnosti.splet.arnes.si\/wp-admin\/\">nadzorno plo\u0161\u010do<\/a> za izbris te strani in ustvaritev novih strani za va\u0161o vsebino. Zabavajte se!<\/p>\r\n<!-- \/wp:paragraph -->","_et_gb_content_width":"","ngg_post_thumbnail":0,"footnotes":"","_expiration-date-status":"","_expiration-date":0,"_expiration-date-type":"","_expiration-date-categories":[],"_expiration-date-options":[]},"class_list":["post-2","page","type-page","status-publish","hentry"],"_links":{"self":[{"href":"https:\/\/dejavnosti.fmalgaja.si\/index.php?rest_route=\/wp\/v2\/pages\/2","targetHints":{"allow":["GET"]}}],"collection":[{"href":"https:\/\/dejavnosti.fmalgaja.si\/index.php?rest_route=\/wp\/v2\/pages"}],"about":[{"href":"https:\/\/dejavnosti.fmalgaja.si\/index.php?rest_route=\/wp\/v2\/types\/page"}],"author":[{"embeddable":true,"href":"https:\/\/dejavnosti.fmalgaja.si\/index.php?rest_route=\/wp\/v2\/users\/4407"}],"replies":[{"embeddable":true,"href":"https:\/\/dejavnosti.fmalgaja.si\/index.php?rest_route=%2Fwp%2Fv2%2Fcomments&post=2"}],"version-history":[{"count":118,"href":"https:\/\/dejavnosti.fmalgaja.si\/index.php?rest_route=\/wp\/v2\/pages\/2\/revisions"}],"predecessor-version":[{"id":1057,"href":"https:\/\/dejavnosti.fmalgaja.si\/index.php?rest_route=\/wp\/v2\/pages\/2\/revisions\/1057"}],"wp:attachment":[{"href":"https:\/\/dejavnosti.fmalgaja.si\/index.php?rest_route=%2Fwp%2Fv2%2Fmedia&parent=2"}],"curies":[{"name":"wp","href":"https:\/\/api.w.org\/{rel}","templated":true}]}}